{"id":28,"date":"2016-11-23T10:16:59","date_gmt":"2016-11-23T12:16:59","guid":{"rendered":"http:\/\/patriciainnocenti.com\/?page_id=28"},"modified":"2023-05-30T12:00:13","modified_gmt":"2023-05-30T15:00:13","slug":"sobre","status":"publish","type":"page","link":"https:\/\/patriciainnocenti.com\/es\/sobre\/","title":{"rendered":"Sobre"},"content":{"rendered":"<div id=\"pl-28\"  class=\"panel-layout\" ><div id=\"pg-28-0\"  class=\"panel-grid panel-no-style\" ><div id=\"pgc-28-0-0\"  class=\"panel-grid-cell panel-grid-cell-empty\" ><\/div><div id=\"pgc-28-0-1\"  class=\"panel-grid-cell\" ><div id=\"panel-28-0-1-0\" class=\"so-panel widget widget_sow-image panel-first-child panel-last-child\" data-index=\"0\" ><div class=\"panel-widget-style panel-widget-style-for-28-0-1-0\" ><div\n\t\t\t\n\t\t\tclass=\"so-widget-sow-image so-widget-sow-image-default-c67d20f9f743-28\"\n\t\t\t\n\t\t>\n\n<div class=\"sow-image-container\">\n\t\t<img src=\"https:\/\/patriciainnocenti.com\/wp-content\/uploads\/2016\/11\/Patricia-Innocenti-1.jpg\" width=\"561\" height=\"841\" srcset=\"https:\/\/patriciainnocenti.com\/wp-content\/uploads\/2016\/11\/Patricia-Innocenti-1.jpg 561w, https:\/\/patriciainnocenti.com\/wp-content\/uploads\/2016\/11\/Patricia-Innocenti-1-200x300.jpg 200w\" sizes=\"(max-width: 561px) 100vw, 561px\" title=\"Patricia-Innocenti\" alt=\"\" loading=\"lazy\" \t\tclass=\"so-widget-image\"\/>\n\t<\/div>\n\n<\/div><\/div><\/div><\/div><div id=\"pgc-28-0-2\"  class=\"panel-grid-cell panel-grid-cell-mobile-last\" ><div id=\"panel-28-0-2-0\" class=\"so-panel widget widget_sow-editor panel-first-child panel-last-child\" data-index=\"1\" ><div\n\t\t\t\n\t\t\tclass=\"so-widget-sow-editor so-widget-sow-editor-base\"\n\t\t\t\n\t\t>\n<div class=\"siteorigin-widget-tinymce textwidget\">\n\t<p style=\"text-align: justify;\">\n<p style=\"text-align: justify;\">He reservado este espacio para hablar de lo que significa la fotograf\u00eda para m\u00ed. Nac\u00ed en S\u00e3o Paulo - Brasil, y comenz\u00f3 mi carrera en 1992 trabajando en el estudio, relacionados con diferentes \u00e1reas de la fotograf\u00eda. Poco a poco, fui distanciarme de este entorno y mi encanto por la naturaleza se hizo m\u00e1s evidente. Fotografiar la naturaleza y sus elementos, es, ante todo, comprender, respetar y armonizar con ella. Cuanto mayor sea la interacci\u00f3n con el medio ambiente, m\u00e1s f\u00e1cilmente ven la belleza en todos sus detalles. Cuando lo entend\u00ed, naci\u00f3 un sentimiento mucho m\u00e1s profundo por el mundo a mi alrededor. Fotograf\u00eda se convirti\u00f3 para m\u00ed m\u00e1s que un simple medio de comunicaci\u00f3n de la realidad, era en realidad parte de lo que descubr\u00ed y decid\u00ed ser. Las diferentes culturas encontradas en nuestro planeta despiertan en m\u00ed una pasi\u00f3n enorme. Conocerlos y compartir con las personas, contribuyendo a la preservaci\u00f3n de la memoria cultural de los pueblos, la conservaci\u00f3n de las especies y los bosques son objetivos personales gratificantes. La manera que encontr\u00e9 para hacer que la gente tome conciencia, estaba mostrando a trav\u00e9s de mi trabajo como una protecci\u00f3n para el medio ambiente es la \u00fanica manera. Con mis fotos quiero excitar, inspirar, y hablar con la gente acerca de los sentimientos m\u00e1s profundos de mi alma.<\/p>\n<\/div>\n<\/div><\/div><\/div><div id=\"pgc-28-0-3\"  class=\"panel-grid-cell panel-grid-cell-empty\" ><\/div><\/div><\/div>","protected":false},"excerpt":{"rendered":"<p>He reservado este espacio para hablar de lo que significa la fotograf\u00eda para m\u00ed. Nac\u00ed en S\u00e3o Paulo &#8211; Brasil, y comenz\u00f3 mi carrera en 1992 trabajando en el estudio, relacionados con diferentes \u00e1reas de la fotograf\u00eda. Poco a poco, fui distanciarme de este entorno y mi encanto por la naturaleza se hizo m\u00e1s evidente. [&hellip;]<\/p>\n","protected":false},"author":16531,"featured_media":0,"parent":0,"menu_order":0,"comment_status":"closed","ping_status":"closed","template":"","meta":[],"_links":{"self":[{"href":"https:\/\/patriciainnocenti.com\/es\/wp-json\/wp\/v2\/pages\/28"}],"collection":[{"href":"https:\/\/patriciainnocenti.com\/es\/wp-json\/wp\/v2\/pages"}],"about":[{"href":"https:\/\/patriciainnocenti.com\/es\/wp-json\/wp\/v2\/types\/page"}],"author":[{"embeddable":true,"href":"https:\/\/patriciainnocenti.com\/es\/wp-json\/wp\/v2\/users\/16531"}],"replies":[{"embeddable":true,"href":"https:\/\/patriciainnocenti.com\/es\/wp-json\/wp\/v2\/comments?post=28"}],"version-history":[{"count":15,"href":"https:\/\/patriciainnocenti.com\/es\/wp-json\/wp\/v2\/pages\/28\/revisions"}],"predecessor-version":[{"id":2621,"href":"https:\/\/patriciainnocenti.com\/es\/wp-json\/wp\/v2\/pages\/28\/revisions\/2621"}],"wp:attachment":[{"href":"https:\/\/patriciainnocenti.com\/es\/wp-json\/wp\/v2\/media?parent=28"}],"curies":[{"name":"wp","href":"https:\/\/api.w.org\/{rel}","templated":true}]}}